{"id":3,"date":"2021-03-17T15:59:32","date_gmt":"2021-03-17T14:59:32","guid":{"rendered":"http:\/\/localhost\/velodelouest\/?page_id=3"},"modified":"2021-04-10T23:54:20","modified_gmt":"2021-04-10T21:54:20","slug":"politique-de-confidentialite","status":"publish","type":"page","link":"https:\/\/lesvelosdelouest.fr\/en_uk\/politique-de-confidentialite\/","title":{"rendered":"Privacy Policy"},"content":{"rendered":"<p><\/p>\n\n\n\n<p>Introduction :<br>Devant le d\u00e9veloppement des nouveaux outils de communication, il est n\u00e9cessaire de porter une attention particuli\u00e8re \u00e0 la protection de la vie priv\u00e9e. C\u2019est pourquoi, nous nous engageons \u00e0 respecter la confidentialit\u00e9 des renseignements personnels que nous collectons.<\/p>\n\n\n\n<p><\/p>\n\n\n\n<h2 class=\"wp-block-heading\">Collecte des renseignements personnels<\/h2>\n\n\n\n<ul class=\"wp-block-list\"><li>First name<\/li><li>Adresse \u00e9lectronique<\/li><li>Num\u00e9ro de t\u00e9l\u00e9phone \/ t\u00e9l\u00e9copieur<\/li><\/ul>\n\n\n\n<p>Les renseignements personnels que nous collectons sont recueillis au travers de formulaires et gr\u00e2ce \u00e0 l\u2019interactivit\u00e9 \u00e9tablie entre vous et notre site Web. Nous utilisons \u00e9galement, comme indiqu\u00e9 dans la section suivante, des fichiers t\u00e9moins et\/ou journaux pour r\u00e9unir des informations vous concernant.<\/p>\n\n\n\n<p><\/p>\n\n\n\n<h2 class=\"wp-block-heading\">Formulaires et interactivit\u00e9 :<\/h2>\n\n\n\n<p><\/p>\n\n\n\n<p>Nous utilisons les renseignements ainsi collect\u00e9s pour les finalit\u00e9s suivantes :<\/p>\n\n\n\n<ul class=\"wp-block-list\"><li>Suivi de la commande<\/li><li>Informations \/ Offres promotionnelles<\/li><li>Statistiques<\/li><li>Contact<\/li><\/ul>\n\n\n\n<p><\/p>\n\n\n\n<h2 class=\"wp-block-heading\">Droit d\u2019opposition et de retrait<\/h2>\n\n\n\n<p><\/p>\n\n\n\n<p>Nous nous engageons \u00e0 vous offrir un droit d\u2019opposition et de retrait quant \u00e0 vos renseignements personnels. Le droit d\u2019opposition s\u2019entend comme \u00e9tant la possibilit\u00e9 offerte aux internautes de refuser que leurs renseignements personnels soient utilis\u00e9es \u00e0 certaines fins mentionn\u00e9es lors de la collecte. Le droit de retrait s\u2019entend comme \u00e9tant la possibilit\u00e9 offerte aux internautes de demander \u00e0 ce que leurs renseignements personnels ne figurent plus, par exemple, dans une liste de diffusion.<\/p>\n\n\n\n<p><\/p>\n\n\n\n<p>Pour pouvoir exercer ces droits, vous pouvez nous contacter par :<\/p>\n\n\n\n<ul class=\"wp-block-list\"><li>Courriel : <a href=\"mailto:location@lesvelosdelouest.fr\">location@lesvelosdelouest.fr<\/a><\/li><li>T\u00e9l\u00e9phone : <a href=\"http:\/\/+33665555595\" data-type=\"URL\" data-id=\"+33665555595\">+33665555595<\/a><\/li><\/ul>\n\n\n\n<p><\/p>\n\n\n\n<h2 class=\"wp-block-heading\">Droit d\u2019acc\u00e8s<\/h2>\n\n\n\n<p><\/p>\n\n\n\n<p>Nous nous engageons \u00e0 reconna\u00eetre un droit d\u2019acc\u00e8s et de rectification aux personnes concern\u00e9es d\u00e9sireuses de consulter, modifier, voire radier les informations les concernant.<\/p>\n\n\n\n<p><\/p>\n\n\n\n<p>L\u2019exercice de ce droit se fera par :<\/p>\n\n\n\n<ul class=\"wp-block-list\"><li>Courriel : <a href=\"mailto:location@lesvelosdelouest.fr\">location@lesvelosdelouest.fr<\/a><\/li><li>T\u00e9l\u00e9phone : <a href=\"http:\/\/+33665555595\/\">+33665555595<\/a><\/li><\/ul>\n\n\n\n<p><\/p>\n\n\n\n<h2 class=\"wp-block-heading\">S\u00e9curit\u00e9<\/h2>\n\n\n\n<p><\/p>\n\n\n\n<p>Les renseignements personnels que nous collectons sont conserv\u00e9s dans un environnement s\u00e9curis\u00e9. Les personnes travaillant pour nous sont tenues de respecter la confidentialit\u00e9 de vos informations.<\/p>\n\n\n\n<p>Pour assurer la s\u00e9curit\u00e9 de vos renseignements personnels, nous avons recours aux mesures suivantes :<\/p>\n\n\n\n<ul class=\"wp-block-list\"><li>Protocole SSL<\/li><li>Sauvegarde informatique<\/li><\/ul>\n\n\n\n<p>Nous nous engageons \u00e0 maintenir un haut degr\u00e9 de confidentialit\u00e9 en int\u00e9grant les derni\u00e8res innovations technologiques permettant d\u2019assurer la confidentialit\u00e9 de vos transactions. Toutefois, comme aucun m\u00e9canisme n\u2019offre une s\u00e9curit\u00e9 maximale, une part de risque est toujours pr\u00e9sente lorsque l\u2019on utilise Internet pour transmettre des renseignements personnels.<\/p>\n\n\n\n<p><\/p>\n\n\n\n<p><\/p>","protected":false},"excerpt":{"rendered":"<p>Introduction :Devant le d\u00e9veloppement des nouveaux outils de communication, il est n\u00e9cessaire de porter une attention particuli\u00e8re \u00e0 la protection de la vie priv\u00e9e. C\u2019est pourquoi, nous nous engageons \u00e0 respecter la confidentialit\u00e9 des renseignements personnels que nous collectons. Collecte des renseignements personnels Pr\u00e9nom Adresse \u00e9lectronique Num\u00e9ro de t\u00e9l\u00e9phone \/ t\u00e9l\u00e9copieur Les renseignements personnels que [&hellip;]<\/p>","protected":false},"author":1,"featured_media":0,"parent":0,"menu_order":0,"comment_status":"closed","ping_status":"open","template":"","meta":{"footnotes":""},"class_list":["post-3","page","type-page","status-publish","hentry"],"acf":[],"yoast_head":"<!-- This site is optimized with the Yoast SEO plugin v21.2 - https:\/\/yoast.com\/wordpress\/plugins\/seo\/ -->\n<title>Politique de confidentialit\u00e9 - Les v\u00e9los de l&#039;Ouest<\/title>\n<meta name=\"robots\" content=\"index, follow, max-snippet:-1, max-image-preview:large, max-video-preview:-1\" \/>\n<link rel=\"canonical\" href=\"https:\/\/lesvelosdelouest.fr\/en_uk\/politique-de-confidentialite\/\" \/>\n<meta property=\"og:locale\" content=\"en_GB\" \/>\n<meta property=\"og:type\" content=\"article\" \/>\n<meta property=\"og:title\" content=\"Politique de confidentialit\u00e9 - Les v\u00e9los de l&#039;Ouest\" \/>\n<meta property=\"og:description\" content=\"Introduction :Devant le d\u00e9veloppement des nouveaux outils de communication, il est n\u00e9cessaire de porter une attention particuli\u00e8re \u00e0 la protection de la vie priv\u00e9e. C\u2019est pourquoi, nous nous engageons \u00e0 respecter la confidentialit\u00e9 des renseignements personnels que nous collectons. Collecte des renseignements personnels Pr\u00e9nom Adresse \u00e9lectronique Num\u00e9ro de t\u00e9l\u00e9phone \/ t\u00e9l\u00e9copieur Les renseignements personnels que [&hellip;]\" \/>\n<meta property=\"og:url\" content=\"https:\/\/lesvelosdelouest.fr\/en_uk\/politique-de-confidentialite\/\" \/>\n<meta property=\"og:site_name\" content=\"Les v\u00e9los de l&#039;Ouest\" \/>\n<meta property=\"article:publisher\" content=\"https:\/\/www.facebook.com\/Les-V%c3%a9los-de-lOuest-103625508488732\" \/>\n<meta property=\"article:modified_time\" content=\"2021-04-10T21:54:20+00:00\" \/>\n<meta property=\"og:image\" content=\"https:\/\/lesvelosdelouest.fr\/wp-content\/uploads\/2021\/03\/logo-contact.png\" \/>\n\t<meta property=\"og:image:width\" content=\"301\" \/>\n\t<meta property=\"og:image:height\" content=\"301\" \/>\n\t<meta property=\"og:image:type\" content=\"image\/png\" \/>\n<meta name=\"twitter:card\" content=\"summary_large_image\" \/>\n<meta name=\"twitter:label1\" content=\"Estimated reading time\" \/>\n\t<meta name=\"twitter:data1\" content=\"2 minutes\" \/>\n<script type=\"application\/ld+json\" class=\"yoast-schema-graph\">{\"@context\":\"https:\/\/schema.org\",\"@graph\":[{\"@type\":\"WebPage\",\"@id\":\"https:\/\/lesvelosdelouest.fr\/politique-de-confidentialite\/\",\"url\":\"https:\/\/lesvelosdelouest.fr\/politique-de-confidentialite\/\",\"name\":\"Politique de confidentialit\u00e9 - Les v\u00e9los de l&#039;Ouest\",\"isPartOf\":{\"@id\":\"https:\/\/lesvelosdelouest.fr\/#website\"},\"datePublished\":\"2021-03-17T14:59:32+00:00\",\"dateModified\":\"2021-04-10T21:54:20+00:00\",\"breadcrumb\":{\"@id\":\"https:\/\/lesvelosdelouest.fr\/politique-de-confidentialite\/#breadcrumb\"},\"inLanguage\":\"en-GB\",\"potentialAction\":[{\"@type\":\"ReadAction\",\"target\":[\"https:\/\/lesvelosdelouest.fr\/politique-de-confidentialite\/\"]}]},{\"@type\":\"BreadcrumbList\",\"@id\":\"https:\/\/lesvelosdelouest.fr\/politique-de-confidentialite\/#breadcrumb\",\"itemListElement\":[{\"@type\":\"ListItem\",\"position\":1,\"name\":\"Accueil\",\"item\":\"https:\/\/lesvelosdelouest.fr\/\"},{\"@type\":\"ListItem\",\"position\":2,\"name\":\"Politique de confidentialit\u00e9\"}]},{\"@type\":\"WebSite\",\"@id\":\"https:\/\/lesvelosdelouest.fr\/#website\",\"url\":\"https:\/\/lesvelosdelouest.fr\/\",\"name\":\"Les v\u00e9los de l&#039;Ouest\",\"description\":\"Location de v\u00e9los \u00e0 Montalivet, Gironde\",\"publisher\":{\"@id\":\"https:\/\/lesvelosdelouest.fr\/#organization\"},\"potentialAction\":[{\"@type\":\"SearchAction\",\"target\":{\"@type\":\"EntryPoint\",\"urlTemplate\":\"https:\/\/lesvelosdelouest.fr\/?s={search_term_string}\"},\"query-input\":\"required name=search_term_string\"}],\"inLanguage\":\"en-GB\"},{\"@type\":\"Organization\",\"@id\":\"https:\/\/lesvelosdelouest.fr\/#organization\",\"name\":\"Les v\u00e9los de l'Ouest\",\"url\":\"https:\/\/lesvelosdelouest.fr\/\",\"logo\":{\"@type\":\"ImageObject\",\"inLanguage\":\"en-GB\",\"@id\":\"https:\/\/lesvelosdelouest.fr\/#\/schema\/logo\/image\/\",\"url\":\"https:\/\/lesvelosdelouest.fr\/wp-content\/uploads\/2021\/03\/logo-contact.png\",\"contentUrl\":\"https:\/\/lesvelosdelouest.fr\/wp-content\/uploads\/2021\/03\/logo-contact.png\",\"width\":301,\"height\":301,\"caption\":\"Les v\u00e9los de l'Ouest\"},\"image\":{\"@id\":\"https:\/\/lesvelosdelouest.fr\/#\/schema\/logo\/image\/\"},\"sameAs\":[\"https:\/\/www.facebook.com\/Les-V\u00e9los-de-lOuest-103625508488732\"]}]}<\/script>\n<!-- \/ Yoast SEO plugin. -->","yoast_head_json":{"title":"Politique de confidentialit\u00e9 - Les v\u00e9los de l&#039;Ouest","robots":{"index":"index","follow":"follow","max-snippet":"max-snippet:-1","max-image-preview":"max-image-preview:large","max-video-preview":"max-video-preview:-1"},"canonical":"https:\/\/lesvelosdelouest.fr\/en_uk\/politique-de-confidentialite\/","og_locale":"en_GB","og_type":"article","og_title":"Politique de confidentialit\u00e9 - Les v\u00e9los de l&#039;Ouest","og_description":"Introduction :Devant le d\u00e9veloppement des nouveaux outils de communication, il est n\u00e9cessaire de porter une attention particuli\u00e8re \u00e0 la protection de la vie priv\u00e9e. C\u2019est pourquoi, nous nous engageons \u00e0 respecter la confidentialit\u00e9 des renseignements personnels que nous collectons. Collecte des renseignements personnels Pr\u00e9nom Adresse \u00e9lectronique Num\u00e9ro de t\u00e9l\u00e9phone \/ t\u00e9l\u00e9copieur Les renseignements personnels que [&hellip;]","og_url":"https:\/\/lesvelosdelouest.fr\/en_uk\/politique-de-confidentialite\/","og_site_name":"Les v\u00e9los de l&#039;Ouest","article_publisher":"https:\/\/www.facebook.com\/Les-V%c3%a9los-de-lOuest-103625508488732","article_modified_time":"2021-04-10T21:54:20+00:00","og_image":[{"width":301,"height":301,"url":"https:\/\/lesvelosdelouest.fr\/wp-content\/uploads\/2021\/03\/logo-contact.png","type":"image\/png"}],"twitter_card":"summary_large_image","twitter_misc":{"Estimated reading time":"2 minutes"},"schema":{"@context":"https:\/\/schema.org","@graph":[{"@type":"WebPage","@id":"https:\/\/lesvelosdelouest.fr\/politique-de-confidentialite\/","url":"https:\/\/lesvelosdelouest.fr\/politique-de-confidentialite\/","name":"Politique de confidentialit\u00e9 - Les v\u00e9los de l&#039;Ouest","isPartOf":{"@id":"https:\/\/lesvelosdelouest.fr\/#website"},"datePublished":"2021-03-17T14:59:32+00:00","dateModified":"2021-04-10T21:54:20+00:00","breadcrumb":{"@id":"https:\/\/lesvelosdelouest.fr\/politique-de-confidentialite\/#breadcrumb"},"inLanguage":"en-GB","potentialAction":[{"@type":"ReadAction","target":["https:\/\/lesvelosdelouest.fr\/politique-de-confidentialite\/"]}]},{"@type":"BreadcrumbList","@id":"https:\/\/lesvelosdelouest.fr\/politique-de-confidentialite\/#breadcrumb","itemListElement":[{"@type":"ListItem","position":1,"name":"Accueil","item":"https:\/\/lesvelosdelouest.fr\/"},{"@type":"ListItem","position":2,"name":"Politique de confidentialit\u00e9"}]},{"@type":"WebSite","@id":"https:\/\/lesvelosdelouest.fr\/#website","url":"https:\/\/lesvelosdelouest.fr\/","name":"Les v\u00e9los de l&#039;Ouest","description":"Location de v\u00e9los \u00e0 Montalivet, Gironde","publisher":{"@id":"https:\/\/lesvelosdelouest.fr\/#organization"},"potentialAction":[{"@type":"SearchAction","target":{"@type":"EntryPoint","urlTemplate":"https:\/\/lesvelosdelouest.fr\/?s={search_term_string}"},"query-input":"required name=search_term_string"}],"inLanguage":"en-GB"},{"@type":"Organization","@id":"https:\/\/lesvelosdelouest.fr\/#organization","name":"Les v\u00e9los de l'Ouest","url":"https:\/\/lesvelosdelouest.fr\/","logo":{"@type":"ImageObject","inLanguage":"en-GB","@id":"https:\/\/lesvelosdelouest.fr\/#\/schema\/logo\/image\/","url":"https:\/\/lesvelosdelouest.fr\/wp-content\/uploads\/2021\/03\/logo-contact.png","contentUrl":"https:\/\/lesvelosdelouest.fr\/wp-content\/uploads\/2021\/03\/logo-contact.png","width":301,"height":301,"caption":"Les v\u00e9los de l'Ouest"},"image":{"@id":"https:\/\/lesvelosdelouest.fr\/#\/schema\/logo\/image\/"},"sameAs":["https:\/\/www.facebook.com\/Les-V\u00e9los-de-lOuest-103625508488732"]}]}},"_links":{"self":[{"href":"https:\/\/lesvelosdelouest.fr\/en_uk\/wp-json\/wp\/v2\/pages\/3","targetHints":{"allow":["GET"]}}],"collection":[{"href":"https:\/\/lesvelosdelouest.fr\/en_uk\/wp-json\/wp\/v2\/pages"}],"about":[{"href":"https:\/\/lesvelosdelouest.fr\/en_uk\/wp-json\/wp\/v2\/types\/page"}],"author":[{"embeddable":true,"href":"https:\/\/lesvelosdelouest.fr\/en_uk\/wp-json\/wp\/v2\/users\/1"}],"replies":[{"embeddable":true,"href":"https:\/\/lesvelosdelouest.fr\/en_uk\/wp-json\/wp\/v2\/comments?post=3"}],"version-history":[{"count":23,"href":"https:\/\/lesvelosdelouest.fr\/en_uk\/wp-json\/wp\/v2\/pages\/3\/revisions"}],"predecessor-version":[{"id":197,"href":"https:\/\/lesvelosdelouest.fr\/en_uk\/wp-json\/wp\/v2\/pages\/3\/revisions\/197"}],"wp:attachment":[{"href":"https:\/\/lesvelosdelouest.fr\/en_uk\/wp-json\/wp\/v2\/media?parent=3"}],"curies":[{"name":"wp","href":"https:\/\/api.w.org\/{rel}","templated":true}]}}