{"id":19,"date":"2021-03-17T19:56:51","date_gmt":"2021-03-17T18:56:51","guid":{"rendered":"http:\/\/localhost\/velodelouest\/?page_id=19"},"modified":"2023-10-10T14:47:44","modified_gmt":"2023-10-10T12:47:44","slug":"photos-balade-velo-gironde","status":"publish","type":"page","link":"https:\/\/lesvelosdelouest.fr\/en_uk\/photos-balade-velo-gironde\/","title":{"rendered":"Photos"},"content":{"rendered":"<h1 class=\"wp-block-heading\">La Gironde regorge de tr\u00e9sor \u00e0 visiter en v\u00e9lo!<\/h1>\n\n\n\n<p>It's so grate to climb on the saddle and ride along the Atlantic Ocean, admire the beautiful landscape, to reach the views points of the area and to breathe deeply the fragrance of the ocean that makes you feel alive!<br>For example, reach Soulac-Sur-Mer from Montalivet by bike in 1h30. Take the opportunity to visit the Cordouan Lighthouse.<br>Or, choose to ride on the v\u00e9lodyss\u00e9e towards the Hourtin dunes and marshes nature reserve in 1.5 hours. The valiant will even be able to make the tour of the lake.<br>And what about plan a culinary tour towards the Medoc castles to taste their famous wines! Not too much because you will have to go home!&nbsp;<br>Pssst, we also have some good places if you are looking for a good table.<br><\/p>","protected":false},"excerpt":{"rendered":"<p>La Gironde regorge de tr\u00e9sor \u00e0 visiter en v\u00e9lo! C\u2019est tellement agr\u00e9able de se mettre en selle et rouler le long de l\u2019oc\u00e9an Atlantique. D\u00e9couvrez les points de vue \u00e0 couper le souffle et respirer \u00e0 pleins poumons l\u2019odeur de l\u2019oc\u00e9an qui fait se sentir bien vivant&nbsp;!Profitez d&rsquo;une balade \u00e0 v\u00e9lo en Gironde pour rejoindre [&hellip;]<\/p>","protected":false},"author":1,"featured_media":155,"parent":0,"menu_order":0,"comment_status":"closed","ping_status":"closed","template":"","meta":{"footnotes":""},"class_list":["post-19","page","type-page","status-publish","has-post-thumbnail","hentry"],"acf":[],"yoast_head":"<!-- This site is optimized with the Yoast SEO plugin v21.2 - https:\/\/yoast.com\/wordpress\/plugins\/seo\/ -->\n<title>Photo - Balade \u00e0 v\u00e9lo en Gironde - Photos - Location de v\u00e9los Montalivet<\/title>\n<meta name=\"description\" content=\"Profitez d&#039;une balade \u00e0 v\u00e9lo en Gironde sur la v\u00e9lodyss\u00e9e \u00e0 partir de Montalivet. Rejoignez Soulac-sur-Mer, Hourtin et les Ch\u00e2teaux du M\u00e9doc.\" \/>\n<meta name=\"robots\" content=\"index, follow, max-snippet:-1, max-image-preview:large, max-video-preview:-1\" \/>\n<link rel=\"canonical\" href=\"https:\/\/lesvelosdelouest.fr\/en_uk\/photos-balade-velo-gironde\/\" \/>\n<meta property=\"og:locale\" content=\"en_GB\" \/>\n<meta property=\"og:type\" content=\"article\" \/>\n<meta property=\"og:title\" content=\"Photo - Balade \u00e0 v\u00e9lo en Gironde - Photos - Location de v\u00e9los Montalivet\" \/>\n<meta property=\"og:description\" content=\"Profitez d&#039;une balade \u00e0 v\u00e9lo en Gironde sur la v\u00e9lodyss\u00e9e \u00e0 partir de Montalivet. Rejoignez Soulac-sur-Mer, Hourtin et les Ch\u00e2teaux du M\u00e9doc.\" \/>\n<meta property=\"og:url\" content=\"https:\/\/lesvelosdelouest.fr\/en_uk\/photos-balade-velo-gironde\/\" \/>\n<meta property=\"og:site_name\" content=\"Les v\u00e9los de l&#039;Ouest\" \/>\n<meta property=\"article:publisher\" content=\"https:\/\/www.facebook.com\/Les-V%c3%a9los-de-lOuest-103625508488732\" \/>\n<meta property=\"article:modified_time\" content=\"2023-10-10T12:47:44+00:00\" \/>\n<meta property=\"og:image\" content=\"https:\/\/lesvelosdelouest.fr\/wp-content\/uploads\/2021\/04\/headerPhoto.png\" \/>\n\t<meta property=\"og:image:width\" content=\"1920\" \/>\n\t<meta property=\"og:image:height\" content=\"774\" \/>\n\t<meta property=\"og:image:type\" content=\"image\/png\" \/>\n<meta name=\"twitter:card\" content=\"summary_large_image\" \/>\n<meta name=\"twitter:label1\" content=\"Estimated reading time\" \/>\n\t<meta name=\"twitter:data1\" content=\"1 minute\" \/>\n<script type=\"application\/ld+json\" class=\"yoast-schema-graph\">{\"@context\":\"https:\/\/schema.org\",\"@graph\":[{\"@type\":\"WebPage\",\"@id\":\"https:\/\/lesvelosdelouest.fr\/photos-balade-velo-gironde\/\",\"url\":\"https:\/\/lesvelosdelouest.fr\/photos-balade-velo-gironde\/\",\"name\":\"Photo - Balade \u00e0 v\u00e9lo en Gironde - Photos - Location de v\u00e9los Montalivet\",\"isPartOf\":{\"@id\":\"https:\/\/lesvelosdelouest.fr\/#website\"},\"datePublished\":\"2021-03-17T18:56:51+00:00\",\"dateModified\":\"2023-10-10T12:47:44+00:00\",\"description\":\"Profitez d'une balade \u00e0 v\u00e9lo en Gironde sur la v\u00e9lodyss\u00e9e \u00e0 partir de Montalivet. Rejoignez Soulac-sur-Mer, Hourtin et les Ch\u00e2teaux du M\u00e9doc.\",\"breadcrumb\":{\"@id\":\"https:\/\/lesvelosdelouest.fr\/photos-balade-velo-gironde\/#breadcrumb\"},\"inLanguage\":\"en-GB\",\"potentialAction\":[{\"@type\":\"ReadAction\",\"target\":[\"https:\/\/lesvelosdelouest.fr\/photos-balade-velo-gironde\/\"]}]},{\"@type\":\"BreadcrumbList\",\"@id\":\"https:\/\/lesvelosdelouest.fr\/photos-balade-velo-gironde\/#breadcrumb\",\"itemListElement\":[{\"@type\":\"ListItem\",\"position\":1,\"name\":\"Accueil\",\"item\":\"https:\/\/lesvelosdelouest.fr\/\"},{\"@type\":\"ListItem\",\"position\":2,\"name\":\"Photos\"}]},{\"@type\":\"WebSite\",\"@id\":\"https:\/\/lesvelosdelouest.fr\/#website\",\"url\":\"https:\/\/lesvelosdelouest.fr\/\",\"name\":\"Les v\u00e9los de l&#039;Ouest\",\"description\":\"Location de v\u00e9los \u00e0 Montalivet, Gironde\",\"publisher\":{\"@id\":\"https:\/\/lesvelosdelouest.fr\/#organization\"},\"potentialAction\":[{\"@type\":\"SearchAction\",\"target\":{\"@type\":\"EntryPoint\",\"urlTemplate\":\"https:\/\/lesvelosdelouest.fr\/?s={search_term_string}\"},\"query-input\":\"required name=search_term_string\"}],\"inLanguage\":\"en-GB\"},{\"@type\":\"Organization\",\"@id\":\"https:\/\/lesvelosdelouest.fr\/#organization\",\"name\":\"Les v\u00e9los de l'Ouest\",\"url\":\"https:\/\/lesvelosdelouest.fr\/\",\"logo\":{\"@type\":\"ImageObject\",\"inLanguage\":\"en-GB\",\"@id\":\"https:\/\/lesvelosdelouest.fr\/#\/schema\/logo\/image\/\",\"url\":\"https:\/\/lesvelosdelouest.fr\/wp-content\/uploads\/2021\/03\/logo-contact.png\",\"contentUrl\":\"https:\/\/lesvelosdelouest.fr\/wp-content\/uploads\/2021\/03\/logo-contact.png\",\"width\":301,\"height\":301,\"caption\":\"Les v\u00e9los de l'Ouest\"},\"image\":{\"@id\":\"https:\/\/lesvelosdelouest.fr\/#\/schema\/logo\/image\/\"},\"sameAs\":[\"https:\/\/www.facebook.com\/Les-V\u00e9los-de-lOuest-103625508488732\"]}]}<\/script>\n<!-- \/ Yoast SEO plugin. -->","yoast_head_json":{"title":"Photo - Balade \u00e0 v\u00e9lo en Gironde - Photos - Location de v\u00e9los Montalivet","description":"Profitez d'une balade \u00e0 v\u00e9lo en Gironde sur la v\u00e9lodyss\u00e9e \u00e0 partir de Montalivet. Rejoignez Soulac-sur-Mer, Hourtin et les Ch\u00e2teaux du M\u00e9doc.","robots":{"index":"index","follow":"follow","max-snippet":"max-snippet:-1","max-image-preview":"max-image-preview:large","max-video-preview":"max-video-preview:-1"},"canonical":"https:\/\/lesvelosdelouest.fr\/en_uk\/photos-balade-velo-gironde\/","og_locale":"en_GB","og_type":"article","og_title":"Photo - Balade \u00e0 v\u00e9lo en Gironde - Photos - Location de v\u00e9los Montalivet","og_description":"Profitez d'une balade \u00e0 v\u00e9lo en Gironde sur la v\u00e9lodyss\u00e9e \u00e0 partir de Montalivet. Rejoignez Soulac-sur-Mer, Hourtin et les Ch\u00e2teaux du M\u00e9doc.","og_url":"https:\/\/lesvelosdelouest.fr\/en_uk\/photos-balade-velo-gironde\/","og_site_name":"Les v\u00e9los de l&#039;Ouest","article_publisher":"https:\/\/www.facebook.com\/Les-V%c3%a9los-de-lOuest-103625508488732","article_modified_time":"2023-10-10T12:47:44+00:00","og_image":[{"width":1920,"height":774,"url":"https:\/\/lesvelosdelouest.fr\/wp-content\/uploads\/2021\/04\/headerPhoto.png","type":"image\/png"}],"twitter_card":"summary_large_image","twitter_misc":{"Estimated reading time":"1 minute"},"schema":{"@context":"https:\/\/schema.org","@graph":[{"@type":"WebPage","@id":"https:\/\/lesvelosdelouest.fr\/photos-balade-velo-gironde\/","url":"https:\/\/lesvelosdelouest.fr\/photos-balade-velo-gironde\/","name":"Photo - Balade \u00e0 v\u00e9lo en Gironde - Photos - Location de v\u00e9los Montalivet","isPartOf":{"@id":"https:\/\/lesvelosdelouest.fr\/#website"},"datePublished":"2021-03-17T18:56:51+00:00","dateModified":"2023-10-10T12:47:44+00:00","description":"Profitez d'une balade \u00e0 v\u00e9lo en Gironde sur la v\u00e9lodyss\u00e9e \u00e0 partir de Montalivet. Rejoignez Soulac-sur-Mer, Hourtin et les Ch\u00e2teaux du M\u00e9doc.","breadcrumb":{"@id":"https:\/\/lesvelosdelouest.fr\/photos-balade-velo-gironde\/#breadcrumb"},"inLanguage":"en-GB","potentialAction":[{"@type":"ReadAction","target":["https:\/\/lesvelosdelouest.fr\/photos-balade-velo-gironde\/"]}]},{"@type":"BreadcrumbList","@id":"https:\/\/lesvelosdelouest.fr\/photos-balade-velo-gironde\/#breadcrumb","itemListElement":[{"@type":"ListItem","position":1,"name":"Accueil","item":"https:\/\/lesvelosdelouest.fr\/"},{"@type":"ListItem","position":2,"name":"Photos"}]},{"@type":"WebSite","@id":"https:\/\/lesvelosdelouest.fr\/#website","url":"https:\/\/lesvelosdelouest.fr\/","name":"Les v\u00e9los de l&#039;Ouest","description":"Location de v\u00e9los \u00e0 Montalivet, Gironde","publisher":{"@id":"https:\/\/lesvelosdelouest.fr\/#organization"},"potentialAction":[{"@type":"SearchAction","target":{"@type":"EntryPoint","urlTemplate":"https:\/\/lesvelosdelouest.fr\/?s={search_term_string}"},"query-input":"required name=search_term_string"}],"inLanguage":"en-GB"},{"@type":"Organization","@id":"https:\/\/lesvelosdelouest.fr\/#organization","name":"Les v\u00e9los de l'Ouest","url":"https:\/\/lesvelosdelouest.fr\/","logo":{"@type":"ImageObject","inLanguage":"en-GB","@id":"https:\/\/lesvelosdelouest.fr\/#\/schema\/logo\/image\/","url":"https:\/\/lesvelosdelouest.fr\/wp-content\/uploads\/2021\/03\/logo-contact.png","contentUrl":"https:\/\/lesvelosdelouest.fr\/wp-content\/uploads\/2021\/03\/logo-contact.png","width":301,"height":301,"caption":"Les v\u00e9los de l'Ouest"},"image":{"@id":"https:\/\/lesvelosdelouest.fr\/#\/schema\/logo\/image\/"},"sameAs":["https:\/\/www.facebook.com\/Les-V\u00e9los-de-lOuest-103625508488732"]}]}},"_links":{"self":[{"href":"https:\/\/lesvelosdelouest.fr\/en_uk\/wp-json\/wp\/v2\/pages\/19","targetHints":{"allow":["GET"]}}],"collection":[{"href":"https:\/\/lesvelosdelouest.fr\/en_uk\/wp-json\/wp\/v2\/pages"}],"about":[{"href":"https:\/\/lesvelosdelouest.fr\/en_uk\/wp-json\/wp\/v2\/types\/page"}],"author":[{"embeddable":true,"href":"https:\/\/lesvelosdelouest.fr\/en_uk\/wp-json\/wp\/v2\/users\/1"}],"replies":[{"embeddable":true,"href":"https:\/\/lesvelosdelouest.fr\/en_uk\/wp-json\/wp\/v2\/comments?post=19"}],"version-history":[{"count":41,"href":"https:\/\/lesvelosdelouest.fr\/en_uk\/wp-json\/wp\/v2\/pages\/19\/revisions"}],"predecessor-version":[{"id":685,"href":"https:\/\/lesvelosdelouest.fr\/en_uk\/wp-json\/wp\/v2\/pages\/19\/revisions\/685"}],"wp:featuredmedia":[{"embeddable":true,"href":"https:\/\/lesvelosdelouest.fr\/en_uk\/wp-json\/wp\/v2\/media\/155"}],"wp:attachment":[{"href":"https:\/\/lesvelosdelouest.fr\/en_uk\/wp-json\/wp\/v2\/media?parent=19"}],"curies":[{"name":"wp","href":"https:\/\/api.w.org\/{rel}","templated":true}]}}