{"id":15,"date":"2021-03-17T19:56:31","date_gmt":"2021-03-17T18:56:31","guid":{"rendered":"http:\/\/localhost\/velodelouest\/?page_id=15"},"modified":"2025-10-06T08:37:38","modified_gmt":"2025-10-06T06:37:38","slug":"nos-tarifs-location-de-velos","status":"publish","type":"page","link":"https:\/\/lesvelosdelouest.fr\/en_uk\/nos-tarifs-location-de-velos\/","title":{"rendered":"Our Prices"},"content":{"rendered":"<p>Bike rental services are is available for half a day or more. <br>We provide all kinds of bicycles. The Arcade cycles brand manufacturer is specializing in bike rental made in France. They are reliable and suitable for everyone. You will have a great time, comfortably seated on one of our bikes.<br>One cable lock will be provided for each bicycle. We will also provide you with a map of cycling way to of the area. <br>Options suppl\u00e9mentaires : casque, si\u00e8ge b\u00e9b\u00e9.<br>Children under 12 years old must wear helmets<br>Antivol fourni. <\/p>","protected":false},"excerpt":{"rendered":"<p>Les tarifs de location de v\u00e9los sont disponible \u00e0 la journ\u00e9e comme \u00e0 la semaine. Nous offrons une large gamme de v\u00e9lo, tous de la marque Fran\u00e7aise Arcades cycles . C&rsquo;est une entreprise sp\u00e9cialis\u00e9s dans la fabrication de v\u00e9los destin\u00e9s \u00e0 la location. Ils sont fiables et adapt\u00e9s \u00e0 chacun. Vous passerez un moment agr\u00e9able, [&hellip;]<\/p>","protected":false},"author":1,"featured_media":0,"parent":0,"menu_order":0,"comment_status":"closed","ping_status":"closed","template":"","meta":{"footnotes":""},"class_list":["post-15","page","type-page","status-publish","hentry"],"acf":[],"yoast_head":"<!-- This site is optimized with the Yoast SEO plugin v21.2 - https:\/\/yoast.com\/wordpress\/plugins\/seo\/ -->\n<title>Tarifs de location de v\u00e9los \u00e0 Montalivet - Les v\u00e9los de l&#039;Ouest<\/title>\n<meta name=\"description\" content=\"Retrouvez nos tarifs de location de v\u00e9los. Mat\u00e9riel de qualit\u00e9, v\u00e9lo enfant, ado, de ville, VTC, VTT, V\u00e9lo \u00e9lectrique, remorque enfant...\" \/>\n<meta name=\"robots\" content=\"index, follow, max-snippet:-1, max-image-preview:large, max-video-preview:-1\" \/>\n<link rel=\"canonical\" href=\"https:\/\/lesvelosdelouest.fr\/en_uk\/nos-tarifs-location-de-velos\/\" \/>\n<meta property=\"og:locale\" content=\"en_GB\" \/>\n<meta property=\"og:type\" content=\"article\" \/>\n<meta property=\"og:title\" content=\"Tarifs de location de v\u00e9los \u00e0 Montalivet - Les v\u00e9los de l&#039;Ouest\" \/>\n<meta property=\"og:description\" content=\"Retrouvez nos tarifs de location de v\u00e9los. Mat\u00e9riel de qualit\u00e9, v\u00e9lo enfant, ado, de ville, VTC, VTT, V\u00e9lo \u00e9lectrique, remorque enfant...\" \/>\n<meta property=\"og:url\" content=\"https:\/\/lesvelosdelouest.fr\/en_uk\/nos-tarifs-location-de-velos\/\" \/>\n<meta property=\"og:site_name\" content=\"Les v\u00e9los de l&#039;Ouest\" \/>\n<meta property=\"article:publisher\" content=\"https:\/\/www.facebook.com\/Les-V%c3%a9los-de-lOuest-103625508488732\" \/>\n<meta property=\"article:modified_time\" content=\"2025-10-06T06:37:38+00:00\" \/>\n<meta property=\"og:image\" content=\"https:\/\/lesvelosdelouest.fr\/wp-content\/uploads\/2021\/03\/logo-contact.png\" \/>\n\t<meta property=\"og:image:width\" content=\"301\" \/>\n\t<meta property=\"og:image:height\" content=\"301\" \/>\n\t<meta property=\"og:image:type\" content=\"image\/png\" \/>\n<meta name=\"twitter:card\" content=\"summary_large_image\" \/>\n<meta name=\"twitter:label1\" content=\"Estimated reading time\" \/>\n\t<meta name=\"twitter:data1\" content=\"1 minute\" \/>\n<script type=\"application\/ld+json\" class=\"yoast-schema-graph\">{\"@context\":\"https:\/\/schema.org\",\"@graph\":[{\"@type\":\"WebPage\",\"@id\":\"https:\/\/lesvelosdelouest.fr\/nos-tarifs-location-de-velos\/\",\"url\":\"https:\/\/lesvelosdelouest.fr\/nos-tarifs-location-de-velos\/\",\"name\":\"Tarifs de location de v\u00e9los \u00e0 Montalivet - Les v\u00e9los de l&#039;Ouest\",\"isPartOf\":{\"@id\":\"https:\/\/lesvelosdelouest.fr\/#website\"},\"datePublished\":\"2021-03-17T18:56:31+00:00\",\"dateModified\":\"2025-10-06T06:37:38+00:00\",\"description\":\"Retrouvez nos tarifs de location de v\u00e9los. Mat\u00e9riel de qualit\u00e9, v\u00e9lo enfant, ado, de ville, VTC, VTT, V\u00e9lo \u00e9lectrique, remorque enfant...\",\"breadcrumb\":{\"@id\":\"https:\/\/lesvelosdelouest.fr\/nos-tarifs-location-de-velos\/#breadcrumb\"},\"inLanguage\":\"en-GB\",\"potentialAction\":[{\"@type\":\"ReadAction\",\"target\":[\"https:\/\/lesvelosdelouest.fr\/nos-tarifs-location-de-velos\/\"]}]},{\"@type\":\"BreadcrumbList\",\"@id\":\"https:\/\/lesvelosdelouest.fr\/nos-tarifs-location-de-velos\/#breadcrumb\",\"itemListElement\":[{\"@type\":\"ListItem\",\"position\":1,\"name\":\"Accueil\",\"item\":\"https:\/\/lesvelosdelouest.fr\/\"},{\"@type\":\"ListItem\",\"position\":2,\"name\":\"Nos tarifs\"}]},{\"@type\":\"WebSite\",\"@id\":\"https:\/\/lesvelosdelouest.fr\/#website\",\"url\":\"https:\/\/lesvelosdelouest.fr\/\",\"name\":\"Les v\u00e9los de l&#039;Ouest\",\"description\":\"Location de v\u00e9los \u00e0 Montalivet, Gironde\",\"publisher\":{\"@id\":\"https:\/\/lesvelosdelouest.fr\/#organization\"},\"potentialAction\":[{\"@type\":\"SearchAction\",\"target\":{\"@type\":\"EntryPoint\",\"urlTemplate\":\"https:\/\/lesvelosdelouest.fr\/?s={search_term_string}\"},\"query-input\":\"required name=search_term_string\"}],\"inLanguage\":\"en-GB\"},{\"@type\":\"Organization\",\"@id\":\"https:\/\/lesvelosdelouest.fr\/#organization\",\"name\":\"Les v\u00e9los de l'Ouest\",\"url\":\"https:\/\/lesvelosdelouest.fr\/\",\"logo\":{\"@type\":\"ImageObject\",\"inLanguage\":\"en-GB\",\"@id\":\"https:\/\/lesvelosdelouest.fr\/#\/schema\/logo\/image\/\",\"url\":\"https:\/\/lesvelosdelouest.fr\/wp-content\/uploads\/2021\/03\/logo-contact.png\",\"contentUrl\":\"https:\/\/lesvelosdelouest.fr\/wp-content\/uploads\/2021\/03\/logo-contact.png\",\"width\":301,\"height\":301,\"caption\":\"Les v\u00e9los de l'Ouest\"},\"image\":{\"@id\":\"https:\/\/lesvelosdelouest.fr\/#\/schema\/logo\/image\/\"},\"sameAs\":[\"https:\/\/www.facebook.com\/Les-V\u00e9los-de-lOuest-103625508488732\"]}]}<\/script>\n<!-- \/ Yoast SEO plugin. -->","yoast_head_json":{"title":"Tarifs de location de v\u00e9los \u00e0 Montalivet - Les v\u00e9los de l&#039;Ouest","description":"Retrouvez nos tarifs de location de v\u00e9los. Mat\u00e9riel de qualit\u00e9, v\u00e9lo enfant, ado, de ville, VTC, VTT, V\u00e9lo \u00e9lectrique, remorque enfant...","robots":{"index":"index","follow":"follow","max-snippet":"max-snippet:-1","max-image-preview":"max-image-preview:large","max-video-preview":"max-video-preview:-1"},"canonical":"https:\/\/lesvelosdelouest.fr\/en_uk\/nos-tarifs-location-de-velos\/","og_locale":"en_GB","og_type":"article","og_title":"Tarifs de location de v\u00e9los \u00e0 Montalivet - Les v\u00e9los de l&#039;Ouest","og_description":"Retrouvez nos tarifs de location de v\u00e9los. Mat\u00e9riel de qualit\u00e9, v\u00e9lo enfant, ado, de ville, VTC, VTT, V\u00e9lo \u00e9lectrique, remorque enfant...","og_url":"https:\/\/lesvelosdelouest.fr\/en_uk\/nos-tarifs-location-de-velos\/","og_site_name":"Les v\u00e9los de l&#039;Ouest","article_publisher":"https:\/\/www.facebook.com\/Les-V%c3%a9los-de-lOuest-103625508488732","article_modified_time":"2025-10-06T06:37:38+00:00","og_image":[{"width":301,"height":301,"url":"https:\/\/lesvelosdelouest.fr\/wp-content\/uploads\/2021\/03\/logo-contact.png","type":"image\/png"}],"twitter_card":"summary_large_image","twitter_misc":{"Estimated reading time":"1 minute"},"schema":{"@context":"https:\/\/schema.org","@graph":[{"@type":"WebPage","@id":"https:\/\/lesvelosdelouest.fr\/nos-tarifs-location-de-velos\/","url":"https:\/\/lesvelosdelouest.fr\/nos-tarifs-location-de-velos\/","name":"Tarifs de location de v\u00e9los \u00e0 Montalivet - Les v\u00e9los de l&#039;Ouest","isPartOf":{"@id":"https:\/\/lesvelosdelouest.fr\/#website"},"datePublished":"2021-03-17T18:56:31+00:00","dateModified":"2025-10-06T06:37:38+00:00","description":"Retrouvez nos tarifs de location de v\u00e9los. Mat\u00e9riel de qualit\u00e9, v\u00e9lo enfant, ado, de ville, VTC, VTT, V\u00e9lo \u00e9lectrique, remorque enfant...","breadcrumb":{"@id":"https:\/\/lesvelosdelouest.fr\/nos-tarifs-location-de-velos\/#breadcrumb"},"inLanguage":"en-GB","potentialAction":[{"@type":"ReadAction","target":["https:\/\/lesvelosdelouest.fr\/nos-tarifs-location-de-velos\/"]}]},{"@type":"BreadcrumbList","@id":"https:\/\/lesvelosdelouest.fr\/nos-tarifs-location-de-velos\/#breadcrumb","itemListElement":[{"@type":"ListItem","position":1,"name":"Accueil","item":"https:\/\/lesvelosdelouest.fr\/"},{"@type":"ListItem","position":2,"name":"Nos tarifs"}]},{"@type":"WebSite","@id":"https:\/\/lesvelosdelouest.fr\/#website","url":"https:\/\/lesvelosdelouest.fr\/","name":"Les v\u00e9los de l&#039;Ouest","description":"Location de v\u00e9los \u00e0 Montalivet, Gironde","publisher":{"@id":"https:\/\/lesvelosdelouest.fr\/#organization"},"potentialAction":[{"@type":"SearchAction","target":{"@type":"EntryPoint","urlTemplate":"https:\/\/lesvelosdelouest.fr\/?s={search_term_string}"},"query-input":"required name=search_term_string"}],"inLanguage":"en-GB"},{"@type":"Organization","@id":"https:\/\/lesvelosdelouest.fr\/#organization","name":"Les v\u00e9los de l'Ouest","url":"https:\/\/lesvelosdelouest.fr\/","logo":{"@type":"ImageObject","inLanguage":"en-GB","@id":"https:\/\/lesvelosdelouest.fr\/#\/schema\/logo\/image\/","url":"https:\/\/lesvelosdelouest.fr\/wp-content\/uploads\/2021\/03\/logo-contact.png","contentUrl":"https:\/\/lesvelosdelouest.fr\/wp-content\/uploads\/2021\/03\/logo-contact.png","width":301,"height":301,"caption":"Les v\u00e9los de l'Ouest"},"image":{"@id":"https:\/\/lesvelosdelouest.fr\/#\/schema\/logo\/image\/"},"sameAs":["https:\/\/www.facebook.com\/Les-V\u00e9los-de-lOuest-103625508488732"]}]}},"_links":{"self":[{"href":"https:\/\/lesvelosdelouest.fr\/en_uk\/wp-json\/wp\/v2\/pages\/15","targetHints":{"allow":["GET"]}}],"collection":[{"href":"https:\/\/lesvelosdelouest.fr\/en_uk\/wp-json\/wp\/v2\/pages"}],"about":[{"href":"https:\/\/lesvelosdelouest.fr\/en_uk\/wp-json\/wp\/v2\/types\/page"}],"author":[{"embeddable":true,"href":"https:\/\/lesvelosdelouest.fr\/en_uk\/wp-json\/wp\/v2\/users\/1"}],"replies":[{"embeddable":true,"href":"https:\/\/lesvelosdelouest.fr\/en_uk\/wp-json\/wp\/v2\/comments?post=15"}],"version-history":[{"count":96,"href":"https:\/\/lesvelosdelouest.fr\/en_uk\/wp-json\/wp\/v2\/pages\/15\/revisions"}],"predecessor-version":[{"id":765,"href":"https:\/\/lesvelosdelouest.fr\/en_uk\/wp-json\/wp\/v2\/pages\/15\/revisions\/765"}],"wp:attachment":[{"href":"https:\/\/lesvelosdelouest.fr\/en_uk\/wp-json\/wp\/v2\/media?parent=15"}],"curies":[{"name":"wp","href":"https:\/\/api.w.org\/{rel}","templated":true}]}}